{"id":133,"date":"2019-03-07T12:47:56","date_gmt":"2019-03-07T11:47:56","guid":{"rendered":"https:\/\/www.psoriasisforbundet.se\/gavleborg\/?page_id=133"},"modified":"2024-03-21T07:23:00","modified_gmt":"2024-03-21T06:23:00","slug":"arsmote","status":"publish","type":"page","link":"https:\/\/www.psoriasisforbundet.se\/gavleborg\/arsmote\/","title":{"rendered":"\u00c5rsm\u00f6te"},"content":{"rendered":"<p><span style=\"font-family: 'Arial',sans-serif;color: #414141\"> Nu har du chansen att vara med och r\u00e4dda Psoriasisf\u00f6rbundet G\u00e4vleborgs l\u00e4n. Vi beh\u00f6ver n\u00e5gon till som deltar i v\u00e5rt arbete i styrelsen. Vi blir b\u00e5de inbjudna till att tr\u00e4ffa l\u00e4kare och har chansen att skapa m\u00f6ten med m\u00e4nniskor. Det \u00e4r ett givande och meriterande uppdrag.\u00a0<\/span><\/p>\n<p>&nbsp;<\/p>\n<p>Verksamheten i f\u00f6reningen har legat p\u00e5 sparl\u00e5ga under pandemin. Nu n\u00e4r vi ska starta upp igen visar det sig att det \u00e4r sv\u00e5rt att f\u00e5 ihop en styrelse till f\u00f6reningen. Personer som kan h\u00e5lla i styrelsearbetet, aktiviteter, kontakt med medlemmar osv. Har du intresse av att f\u00f6reningen ska finnas kvar? D\u00e5 \u00e4r du v\u00e4lkommen att h\u00f6ra av dig till oss. Tillsammans kan vi f\u00e5 i g\u00e5ng verksamheten.<\/p>\n<p>&nbsp;<\/p>\n<p>Du beh\u00f6ver inte ta p\u00e5 dig n\u00e5gra stora \u00e5tagande, h\u00f6r av dig s\u00e5 ber\u00e4ttar vi mer. Kontakta Erika Jeppsson som sitter i styrelsen idag och som vill forts\u00e4tta driva f\u00f6reningen tillsammans med er. Kontaktuppgifter till Erika Jeppsson: 070-214 26 28, <a href=\"mailto:erika.jeppsson@pso.se\">erika.jeppsson@pso.se<\/a><\/p>\n<p>&nbsp;<\/p>\n<p>Den 9 april \u00e4r det \u00e5rsm\u00f6te i f\u00f6reningen. V\u00e5r f\u00f6rhoppning \u00e4r att vi d\u00e5 ska kunna v\u00e4lja en ny styrelse f\u00f6r kommande \u00e5r. \u00c4r det inte m\u00f6jligt m\u00e5ste vi fatta beslut om nedl\u00e4ggning. Kallelse till \u00e5rsm\u00f6tet kommer att skickas hem till dig via post.<\/p>\n<p>&nbsp;<\/p>\n<p>Tillsammans kan vi forts\u00e4tta driva Psoriasisf\u00f6rbundet i G\u00e4vleborg \u2013 h\u00e4ng med!<\/p>\n<p>&nbsp;<\/p>\n<p><strong>V\u00e4nliga h\u00e4lsningar<\/strong><\/p>\n<p>Psoriasisf\u00f6rbundet i G\u00e4vleborg<\/p>\n","protected":false},"excerpt":{"rendered":"<p>Nu har du chansen att vara med och r\u00e4dda Psoriasisf\u00f6rbundet G\u00e4vleborgs l\u00e4n. Vi beh\u00f6ver n\u00e5gon till som deltar i v\u00e5rt arbete i styrelsen. Vi blir b\u00e5de inbjudna till att tr\u00e4ffa l\u00e4kare och har chansen att skapa m\u00f6ten med m\u00e4nniskor. Det \u00e4r ett givande och meriterande uppdrag.\u00a0 &nbsp; Verksamheten i f\u00f6reningen har legat p\u00e5 sparl\u00e5ga under [&hellip;]<\/p>\n","protected":false},"author":8,"featured_media":0,"parent":0,"menu_order":0,"comment_status":"closed","ping_status":"closed","template":"","meta":{"_acf_changed":false,"_monsterinsights_skip_tracking":false,"_monsterinsights_sitenote_active":false,"_monsterinsights_sitenote_note":"","_monsterinsights_sitenote_category":0,"footnotes":""},"class_list":["post-133","page","type-page","status-publish","hentry"],"acf":[],"yoast_head":"<!-- This site is optimized with the Yoast SEO plugin v27.4 - https:\/\/yoast.com\/product\/yoast-seo-wordpress\/ -->\n<title>\u00c5rsm\u00f6te - G\u00e4vleborgs l\u00e4n<\/title>\n<meta name=\"robots\" content=\"index, follow, max-snippet:-1, max-image-preview:large, max-video-preview:-1\" \/>\n<link rel=\"canonical\" href=\"https:\/\/www.psoriasisforbundet.se\/gavleborg\/arsmote\/\" \/>\n<meta property=\"og:locale\" content=\"sv_SE\" \/>\n<meta property=\"og:type\" content=\"article\" \/>\n<meta property=\"og:title\" content=\"\u00c5rsm\u00f6te - G\u00e4vleborgs l\u00e4n\" \/>\n<meta property=\"og:description\" content=\"Nu har du chansen att vara med och r\u00e4dda Psoriasisf\u00f6rbundet G\u00e4vleborgs l\u00e4n. Vi beh\u00f6ver n\u00e5gon till som deltar i v\u00e5rt arbete i styrelsen. Vi blir b\u00e5de inbjudna till att tr\u00e4ffa l\u00e4kare och har chansen att skapa m\u00f6ten med m\u00e4nniskor. Det \u00e4r ett givande och meriterande uppdrag.\u00a0 &nbsp; Verksamheten i f\u00f6reningen har legat p\u00e5 sparl\u00e5ga under [&hellip;]\" \/>\n<meta property=\"og:url\" content=\"https:\/\/www.psoriasisforbundet.se\/gavleborg\/arsmote\/\" \/>\n<meta property=\"og:site_name\" content=\"G\u00e4vleborgs l\u00e4n\" \/>\n<meta property=\"article:publisher\" content=\"https:\/\/www.facebook.com\/psoriasisgavleborg\/\" \/>\n<meta property=\"article:modified_time\" content=\"2024-03-21T06:23:00+00:00\" \/>\n<meta name=\"twitter:card\" content=\"summary_large_image\" \/>\n<meta name=\"twitter:label1\" content=\"Ber\u00e4knad l\u00e4stid\" \/>\n\t<meta name=\"twitter:data1\" content=\"2 minuter\" \/>\n<script type=\"application\/ld+json\" class=\"yoast-schema-graph\">{\"@context\":\"https:\\\/\\\/schema.org\",\"@graph\":[{\"@type\":\"WebPage\",\"@id\":\"https:\\\/\\\/www.psoriasisforbundet.se\\\/gavleborg\\\/arsmote\\\/\",\"url\":\"https:\\\/\\\/www.psoriasisforbundet.se\\\/gavleborg\\\/arsmote\\\/\",\"name\":\"\u00c5rsm\u00f6te - G\u00e4vleborgs l\u00e4n\",\"isPartOf\":{\"@id\":\"https:\\\/\\\/www.psoriasisforbundet.se\\\/gavleborg\\\/#website\"},\"datePublished\":\"2019-03-07T11:47:56+00:00\",\"dateModified\":\"2024-03-21T06:23:00+00:00\",\"breadcrumb\":{\"@id\":\"https:\\\/\\\/www.psoriasisforbundet.se\\\/gavleborg\\\/arsmote\\\/#breadcrumb\"},\"inLanguage\":\"sv-SE\",\"potentialAction\":[{\"@type\":\"ReadAction\",\"target\":[\"https:\\\/\\\/www.psoriasisforbundet.se\\\/gavleborg\\\/arsmote\\\/\"]}]},{\"@type\":\"BreadcrumbList\",\"@id\":\"https:\\\/\\\/www.psoriasisforbundet.se\\\/gavleborg\\\/arsmote\\\/#breadcrumb\",\"itemListElement\":[{\"@type\":\"ListItem\",\"position\":1,\"name\":\"Startsida\",\"item\":\"https:\\\/\\\/www.psoriasisforbundet.se\\\/gavleborg\\\/\"},{\"@type\":\"ListItem\",\"position\":2,\"name\":\"\u00c5rsm\u00f6te\"}]},{\"@type\":\"WebSite\",\"@id\":\"https:\\\/\\\/www.psoriasisforbundet.se\\\/gavleborg\\\/#website\",\"url\":\"https:\\\/\\\/www.psoriasisforbundet.se\\\/gavleborg\\\/\",\"name\":\"G\u00e4vleborgs l\u00e4n\",\"description\":\"En till Psorias Sites webbplats\",\"potentialAction\":[{\"@type\":\"SearchAction\",\"target\":{\"@type\":\"EntryPoint\",\"urlTemplate\":\"https:\\\/\\\/www.psoriasisforbundet.se\\\/gavleborg\\\/?s={search_term_string}\"},\"query-input\":{\"@type\":\"PropertyValueSpecification\",\"valueRequired\":true,\"valueName\":\"search_term_string\"}}],\"inLanguage\":\"sv-SE\"}]}<\/script>\n<!-- \/ Yoast SEO plugin. -->","yoast_head_json":{"title":"\u00c5rsm\u00f6te - G\u00e4vleborgs l\u00e4n","robots":{"index":"index","follow":"follow","max-snippet":"max-snippet:-1","max-image-preview":"max-image-preview:large","max-video-preview":"max-video-preview:-1"},"canonical":"https:\/\/www.psoriasisforbundet.se\/gavleborg\/arsmote\/","og_locale":"sv_SE","og_type":"article","og_title":"\u00c5rsm\u00f6te - G\u00e4vleborgs l\u00e4n","og_description":"Nu har du chansen att vara med och r\u00e4dda Psoriasisf\u00f6rbundet G\u00e4vleborgs l\u00e4n. Vi beh\u00f6ver n\u00e5gon till som deltar i v\u00e5rt arbete i styrelsen. Vi blir b\u00e5de inbjudna till att tr\u00e4ffa l\u00e4kare och har chansen att skapa m\u00f6ten med m\u00e4nniskor. Det \u00e4r ett givande och meriterande uppdrag.\u00a0 &nbsp; Verksamheten i f\u00f6reningen har legat p\u00e5 sparl\u00e5ga under [&hellip;]","og_url":"https:\/\/www.psoriasisforbundet.se\/gavleborg\/arsmote\/","og_site_name":"G\u00e4vleborgs l\u00e4n","article_publisher":"https:\/\/www.facebook.com\/psoriasisgavleborg\/","article_modified_time":"2024-03-21T06:23:00+00:00","twitter_card":"summary_large_image","twitter_misc":{"Ber\u00e4knad l\u00e4stid":"2 minuter"},"schema":{"@context":"https:\/\/schema.org","@graph":[{"@type":"WebPage","@id":"https:\/\/www.psoriasisforbundet.se\/gavleborg\/arsmote\/","url":"https:\/\/www.psoriasisforbundet.se\/gavleborg\/arsmote\/","name":"\u00c5rsm\u00f6te - G\u00e4vleborgs l\u00e4n","isPartOf":{"@id":"https:\/\/www.psoriasisforbundet.se\/gavleborg\/#website"},"datePublished":"2019-03-07T11:47:56+00:00","dateModified":"2024-03-21T06:23:00+00:00","breadcrumb":{"@id":"https:\/\/www.psoriasisforbundet.se\/gavleborg\/arsmote\/#breadcrumb"},"inLanguage":"sv-SE","potentialAction":[{"@type":"ReadAction","target":["https:\/\/www.psoriasisforbundet.se\/gavleborg\/arsmote\/"]}]},{"@type":"BreadcrumbList","@id":"https:\/\/www.psoriasisforbundet.se\/gavleborg\/arsmote\/#breadcrumb","itemListElement":[{"@type":"ListItem","position":1,"name":"Startsida","item":"https:\/\/www.psoriasisforbundet.se\/gavleborg\/"},{"@type":"ListItem","position":2,"name":"\u00c5rsm\u00f6te"}]},{"@type":"WebSite","@id":"https:\/\/www.psoriasisforbundet.se\/gavleborg\/#website","url":"https:\/\/www.psoriasisforbundet.se\/gavleborg\/","name":"G\u00e4vleborgs l\u00e4n","description":"En till Psorias Sites webbplats","potentialAction":[{"@type":"SearchAction","target":{"@type":"EntryPoint","urlTemplate":"https:\/\/www.psoriasisforbundet.se\/gavleborg\/?s={search_term_string}"},"query-input":{"@type":"PropertyValueSpecification","valueRequired":true,"valueName":"search_term_string"}}],"inLanguage":"sv-SE"}]}},"_links":{"self":[{"href":"https:\/\/www.psoriasisforbundet.se\/gavleborg\/wp-json\/wp\/v2\/pages\/133","targetHints":{"allow":["GET"]}}],"collection":[{"href":"https:\/\/www.psoriasisforbundet.se\/gavleborg\/wp-json\/wp\/v2\/pages"}],"about":[{"href":"https:\/\/www.psoriasisforbundet.se\/gavleborg\/wp-json\/wp\/v2\/types\/page"}],"author":[{"embeddable":true,"href":"https:\/\/www.psoriasisforbundet.se\/gavleborg\/wp-json\/wp\/v2\/users\/8"}],"replies":[{"embeddable":true,"href":"https:\/\/www.psoriasisforbundet.se\/gavleborg\/wp-json\/wp\/v2\/comments?post=133"}],"version-history":[{"count":46,"href":"https:\/\/www.psoriasisforbundet.se\/gavleborg\/wp-json\/wp\/v2\/pages\/133\/revisions"}],"predecessor-version":[{"id":269,"href":"https:\/\/www.psoriasisforbundet.se\/gavleborg\/wp-json\/wp\/v2\/pages\/133\/revisions\/269"}],"wp:attachment":[{"href":"https:\/\/www.psoriasisforbundet.se\/gavleborg\/wp-json\/wp\/v2\/media?parent=133"}],"curies":[{"name":"wp","href":"https:\/\/api.w.org\/{rel}","templated":true}]}}